{"id":137,"date":"2016-11-23T03:53:06","date_gmt":"2016-11-23T03:53:06","guid":{"rendered":"https:\/\/munisanjuansac.org\/msj\/?page_id=137"},"modified":"2024-04-12T01:04:28","modified_gmt":"2024-04-12T01:04:28","slug":"concejo-municipal","status":"publish","type":"page","link":"https:\/\/munisanjuansac.org\/msj\/concejo-municipal\/","title":{"rendered":"CONCEJO MUNICIPAL"},"content":{"rendered":"\t\t<div data-elementor-type=\"wp-page\" data-elementor-id=\"137\" class=\"elementor elementor-137\">\n\t\t\t\t<div class=\"elementor-element elementor-element-0341167 e-flex e-con-boxed e-con e-parent\" data-id=\"0341167\" data-element_type=\"container\" data-core-v316-plus=\"true\">\n\t\t\t\t\t<div class=\"e-con-inner\">\n\t\t\t\t<div class=\"elementor-element elementor-element-4c0f2b4 elementor-widget elementor-widget-text-editor\" data-id=\"4c0f2b4\" data-element_type=\"widget\" data-widget_type=\"text-editor.default\">\n\t\t\t\t<div class=\"elementor-widget-container\">\n\t\t\t<style>\/*! elementor - v3.20.0 - 26-03-2024 *\/\n.elementor-widget-text-editor.elementor-drop-cap-view-stacked .elementor-drop-cap{background-color:#69727d;color:#fff}.elementor-widget-text-editor.elementor-drop-cap-view-framed .elementor-drop-cap{color:#69727d;border:3px solid;background-color:transparent}.elementor-widget-text-editor:not(.elementor-drop-cap-view-default) .elementor-drop-cap{margin-top:8px}.elementor-widget-text-editor:not(.elementor-drop-cap-view-default) .elementor-drop-cap-letter{width:1em;height:1em}.elementor-widget-text-editor .elementor-drop-cap{float:left;text-align:center;line-height:1;font-size:50px}.elementor-widget-text-editor .elementor-drop-cap-letter{display:inline-block}<\/style>\t\t\t\t<h5 style=\"text-align: center;\">Concejo Municipal del Municipio de San Juan Sacatep\u00e9quez.<\/h5>\n<h5 style=\"text-align: center;\">Periodo 2024-2028<\/h5>\n<p style=\"text-align: center;\">\n<\/p><p style=\"text-align: center;\">El alcalde municipal, Juan Carlos Pellecer Agust\u00edn.<br>S\u00edndico Primero: Andrea del Roc\u00edo Alonzo Corado.<br>S\u00edndico Segundo, Jos\u00e9 Alfredo D\u00edaz Acte.<br>S\u00edndico Tercero Brenda Patricia Subuyuj Guat.<br>Concejal Primero, Enrique Toxcon Canel.<br>Concejal Segundo: Geralbert Miguel Najarro Garc\u00eda Salas.<br>Concejal Tercero. Carlos Enrique Antonio Subuyuj Boch.<br>Concejal Cuarto, Rolando Llerena Oliva.<br>Concejal Quinto Freddi Domingo Salazar R\u00edos.<br>Concejal Sexto. Miguel \u00c1ngel Quije Cotzojay.<br>Concejal S\u00e9ptimo \u00d3scar Iquic Castro.<br>Concejal Octavo. Jos\u00e9 Santos Tez\u00e9n Rax\u00f3n.<br>Concejal Noveno Rogelio. De Jes\u00fas Ju\u00e1rez Roque.<br>Concejal D\u00e9cimo. Rene Top Boch.<br>Secretaria Municipal: Lisbeth Marizol Reina Romero.<\/p>\t\t\t\t\t\t<\/div>\n\t\t\t\t<\/div>\n\t\t\t\t\t<\/div>\n\t\t\t\t<\/div>\n\t\t<div class=\"elementor-element elementor-element-6c03f29 e-flex e-con-boxed e-con e-parent\" data-id=\"6c03f29\" data-element_type=\"container\" data-core-v316-plus=\"true\">\n\t\t\t\t\t<div class=\"e-con-inner\">\n\t\t\t\t<div class=\"elementor-element elementor-element-0b2d05a elementor-widget elementor-widget-image\" data-id=\"0b2d05a\" data-element_type=\"widget\" data-widget_type=\"image.default\">\n\t\t\t\t<div class=\"elementor-widget-container\">\n\t\t\t<style>\/*! elementor - v3.20.0 - 26-03-2024 *\/\n.elementor-widget-image{text-align:center}.elementor-widget-image a{display:inline-block}.elementor-widget-image a img[src$=\".svg\"]{width:48px}.elementor-widget-image img{vertical-align:middle;display:inline-block}<\/style>\t\t\t\t\t\t\t\t\t\t<img fetchpriority=\"high\" decoding=\"async\" width=\"1024\" height=\"1004\" src=\"https:\/\/munisanjuansac.org\/msj\/wp-content\/uploads\/2024\/03\/consejo-1024x1004.jpg\" class=\"attachment-large size-large wp-image-6786\" alt=\"\" srcset=\"https:\/\/munisanjuansac.org\/msj\/wp-content\/uploads\/2024\/03\/consejo-1024x1004.jpg 1024w, https:\/\/munisanjuansac.org\/msj\/wp-content\/uploads\/2024\/03\/consejo-scaled-600x588.jpg 600w, https:\/\/munisanjuansac.org\/msj\/wp-content\/uploads\/2024\/03\/consejo-300x294.jpg 300w, https:\/\/munisanjuansac.org\/msj\/wp-content\/uploads\/2024\/03\/consejo-768x753.jpg 768w, https:\/\/munisanjuansac.org\/msj\/wp-content\/uploads\/2024\/03\/consejo-1536x1506.jpg 1536w, https:\/\/munisanjuansac.org\/msj\/wp-content\/uploads\/2024\/03\/consejo-2048x2007.jpg 2048w\" sizes=\"(max-width: 1024px) 100vw, 1024px\" \/>\t\t\t\t\t\t\t\t\t\t\t\t\t<\/div>\n\t\t\t\t<\/div>\n\t\t\t\t\t<\/div>\n\t\t\t\t<\/div>\n\t\t\t\t<\/div>\n\t\t","protected":false},"excerpt":{"rendered":"<p>Concejo Municipal del Municipio de San Juan Sacatep\u00e9quez. Periodo 2024-2028 El alcalde municipal, Juan Carlos Pellecer Agust\u00edn.S\u00edndico Primero: Andrea del Roc\u00edo Alonzo Corado.S\u00edndico Segundo, Jos\u00e9 Alfredo D\u00edaz Acte.S\u00edndico Tercero Brenda&hellip;<\/p>\n","protected":false},"author":1,"featured_media":0,"parent":0,"menu_order":0,"comment_status":"closed","ping_status":"closed","template":"","meta":{"footnotes":""},"class_list":["post-137","page","type-page","status-publish","hentry"],"yoast_head":"<!-- This site is optimized with the Yoast SEO plugin v22.0 - https:\/\/yoast.com\/wordpress\/plugins\/seo\/ -->\n<title>CONCEJO MUNICIPAL - Municipalidad de San Juan Sacatep\u00e9quez<\/title>\n<meta name=\"robots\" content=\"index, follow, max-snippet:-1, max-image-preview:large, max-video-preview:-1\" \/>\n<link rel=\"canonical\" href=\"https:\/\/munisanjuansac.org\/msj\/concejo-municipal\/\" \/>\n<meta property=\"og:locale\" content=\"es_ES\" \/>\n<meta property=\"og:type\" content=\"article\" \/>\n<meta property=\"og:title\" content=\"CONCEJO MUNICIPAL - Municipalidad de San Juan Sacatep\u00e9quez\" \/>\n<meta property=\"og:description\" content=\"Concejo Municipal del Municipio de San Juan Sacatep\u00e9quez. Periodo 2024-2028 El alcalde municipal, Juan Carlos Pellecer Agust\u00edn.S\u00edndico Primero: Andrea del Roc\u00edo Alonzo Corado.S\u00edndico Segundo, Jos\u00e9 Alfredo D\u00edaz Acte.S\u00edndico Tercero Brenda&hellip;\" \/>\n<meta property=\"og:url\" content=\"https:\/\/munisanjuansac.org\/msj\/concejo-municipal\/\" \/>\n<meta property=\"og:site_name\" content=\"Municipalidad de San Juan Sacatep\u00e9quez\" \/>\n<meta property=\"article:publisher\" content=\"https:\/\/www.facebook.com\/MunicipalidadSanJuanSacatepequez\" \/>\n<meta property=\"article:modified_time\" content=\"2024-04-12T01:04:28+00:00\" \/>\n<meta property=\"og:image\" content=\"https:\/\/munisanjuansac.org\/msj\/wp-content\/uploads\/2024\/03\/consejo-1024x1004.jpg\" \/>\n<meta name=\"twitter:card\" content=\"summary_large_image\" \/>\n<meta name=\"twitter:site\" content=\"@SanJuanSacatep1\" \/>\n<meta name=\"twitter:label1\" content=\"Tiempo de lectura\" \/>\n\t<meta name=\"twitter:data1\" content=\"1 minuto\" \/>\n<script type=\"application\/ld+json\" class=\"yoast-schema-graph\">{\"@context\":\"https:\/\/schema.org\",\"@graph\":[{\"@type\":\"WebPage\",\"@id\":\"https:\/\/munisanjuansac.org\/msj\/concejo-municipal\/\",\"url\":\"https:\/\/munisanjuansac.org\/msj\/concejo-municipal\/\",\"name\":\"CONCEJO MUNICIPAL - Municipalidad de San Juan Sacatep\u00e9quez\",\"isPartOf\":{\"@id\":\"https:\/\/munisanjuansac.org\/msj\/#website\"},\"datePublished\":\"2016-11-23T03:53:06+00:00\",\"dateModified\":\"2024-04-12T01:04:28+00:00\",\"breadcrumb\":{\"@id\":\"https:\/\/munisanjuansac.org\/msj\/concejo-municipal\/#breadcrumb\"},\"inLanguage\":\"es\",\"potentialAction\":[{\"@type\":\"ReadAction\",\"target\":[\"https:\/\/munisanjuansac.org\/msj\/concejo-municipal\/\"]}]},{\"@type\":\"BreadcrumbList\",\"@id\":\"https:\/\/munisanjuansac.org\/msj\/concejo-municipal\/#breadcrumb\",\"itemListElement\":[{\"@type\":\"ListItem\",\"position\":1,\"name\":\"Portada\",\"item\":\"https:\/\/munisanjuansac.org\/msj\/\"},{\"@type\":\"ListItem\",\"position\":2,\"name\":\"CONCEJO MUNICIPAL\"}]},{\"@type\":\"WebSite\",\"@id\":\"https:\/\/munisanjuansac.org\/msj\/#website\",\"url\":\"https:\/\/munisanjuansac.org\/msj\/\",\"name\":\"Municipalidad de San Juan Sacatep\u00e9quez\",\"description\":\"\",\"publisher\":{\"@id\":\"https:\/\/munisanjuansac.org\/msj\/#organization\"},\"potentialAction\":[{\"@type\":\"SearchAction\",\"target\":{\"@type\":\"EntryPoint\",\"urlTemplate\":\"https:\/\/munisanjuansac.org\/msj\/?s={search_term_string}\"},\"query-input\":\"required name=search_term_string\"}],\"inLanguage\":\"es\"},{\"@type\":\"Organization\",\"@id\":\"https:\/\/munisanjuansac.org\/msj\/#organization\",\"name\":\"Municipalidad de San Juan Sacatep\u00e9quez\",\"url\":\"https:\/\/munisanjuansac.org\/msj\/\",\"logo\":{\"@type\":\"ImageObject\",\"inLanguage\":\"es\",\"@id\":\"https:\/\/munisanjuansac.org\/msj\/#\/schema\/logo\/image\/\",\"url\":\"https:\/\/munisanjuansac.org\/msj\/wp-content\/uploads\/2023\/11\/LOGO-45-DE-ANCHO-POR-50-DE-ALTO-DERECHO-E-IZQUIERDO-921x1024.png\",\"contentUrl\":\"https:\/\/munisanjuansac.org\/msj\/wp-content\/uploads\/2023\/11\/LOGO-45-DE-ANCHO-POR-50-DE-ALTO-DERECHO-E-IZQUIERDO-921x1024.png\",\"width\":921,\"height\":1024,\"caption\":\"Municipalidad de San Juan Sacatep\u00e9quez\"},\"image\":{\"@id\":\"https:\/\/munisanjuansac.org\/msj\/#\/schema\/logo\/image\/\"},\"sameAs\":[\"https:\/\/www.facebook.com\/MunicipalidadSanJuanSacatepequez\",\"https:\/\/twitter.com\/SanJuanSacatep1\",\"https:\/\/www.youtube.com\/@municipalidadsanjuansacate2849\/videos\",\"https:\/\/www.tiktok.com\/@munisanjuansac?lang=es\",\"https:\/\/www.tiktok.com\/@jc_pellecer?lang=es\"]}]}<\/script>\n<!-- \/ Yoast SEO plugin. -->","yoast_head_json":{"title":"CONCEJO MUNICIPAL - Municipalidad de San Juan Sacatep\u00e9quez","robots":{"index":"index","follow":"follow","max-snippet":"max-snippet:-1","max-image-preview":"max-image-preview:large","max-video-preview":"max-video-preview:-1"},"canonical":"https:\/\/munisanjuansac.org\/msj\/concejo-municipal\/","og_locale":"es_ES","og_type":"article","og_title":"CONCEJO MUNICIPAL - Municipalidad de San Juan Sacatep\u00e9quez","og_description":"Concejo Municipal del Municipio de San Juan Sacatep\u00e9quez. Periodo 2024-2028 El alcalde municipal, Juan Carlos Pellecer Agust\u00edn.S\u00edndico Primero: Andrea del Roc\u00edo Alonzo Corado.S\u00edndico Segundo, Jos\u00e9 Alfredo D\u00edaz Acte.S\u00edndico Tercero Brenda&hellip;","og_url":"https:\/\/munisanjuansac.org\/msj\/concejo-municipal\/","og_site_name":"Municipalidad de San Juan Sacatep\u00e9quez","article_publisher":"https:\/\/www.facebook.com\/MunicipalidadSanJuanSacatepequez","article_modified_time":"2024-04-12T01:04:28+00:00","og_image":[{"url":"https:\/\/munisanjuansac.org\/msj\/wp-content\/uploads\/2024\/03\/consejo-1024x1004.jpg"}],"twitter_card":"summary_large_image","twitter_site":"@SanJuanSacatep1","twitter_misc":{"Tiempo de lectura":"1 minuto"},"schema":{"@context":"https:\/\/schema.org","@graph":[{"@type":"WebPage","@id":"https:\/\/munisanjuansac.org\/msj\/concejo-municipal\/","url":"https:\/\/munisanjuansac.org\/msj\/concejo-municipal\/","name":"CONCEJO MUNICIPAL - Municipalidad de San Juan Sacatep\u00e9quez","isPartOf":{"@id":"https:\/\/munisanjuansac.org\/msj\/#website"},"datePublished":"2016-11-23T03:53:06+00:00","dateModified":"2024-04-12T01:04:28+00:00","breadcrumb":{"@id":"https:\/\/munisanjuansac.org\/msj\/concejo-municipal\/#breadcrumb"},"inLanguage":"es","potentialAction":[{"@type":"ReadAction","target":["https:\/\/munisanjuansac.org\/msj\/concejo-municipal\/"]}]},{"@type":"BreadcrumbList","@id":"https:\/\/munisanjuansac.org\/msj\/concejo-municipal\/#breadcrumb","itemListElement":[{"@type":"ListItem","position":1,"name":"Portada","item":"https:\/\/munisanjuansac.org\/msj\/"},{"@type":"ListItem","position":2,"name":"CONCEJO MUNICIPAL"}]},{"@type":"WebSite","@id":"https:\/\/munisanjuansac.org\/msj\/#website","url":"https:\/\/munisanjuansac.org\/msj\/","name":"Municipalidad de San Juan Sacatep\u00e9quez","description":"","publisher":{"@id":"https:\/\/munisanjuansac.org\/msj\/#organization"},"potentialAction":[{"@type":"SearchAction","target":{"@type":"EntryPoint","urlTemplate":"https:\/\/munisanjuansac.org\/msj\/?s={search_term_string}"},"query-input":"required name=search_term_string"}],"inLanguage":"es"},{"@type":"Organization","@id":"https:\/\/munisanjuansac.org\/msj\/#organization","name":"Municipalidad de San Juan Sacatep\u00e9quez","url":"https:\/\/munisanjuansac.org\/msj\/","logo":{"@type":"ImageObject","inLanguage":"es","@id":"https:\/\/munisanjuansac.org\/msj\/#\/schema\/logo\/image\/","url":"https:\/\/munisanjuansac.org\/msj\/wp-content\/uploads\/2023\/11\/LOGO-45-DE-ANCHO-POR-50-DE-ALTO-DERECHO-E-IZQUIERDO-921x1024.png","contentUrl":"https:\/\/munisanjuansac.org\/msj\/wp-content\/uploads\/2023\/11\/LOGO-45-DE-ANCHO-POR-50-DE-ALTO-DERECHO-E-IZQUIERDO-921x1024.png","width":921,"height":1024,"caption":"Municipalidad de San Juan Sacatep\u00e9quez"},"image":{"@id":"https:\/\/munisanjuansac.org\/msj\/#\/schema\/logo\/image\/"},"sameAs":["https:\/\/www.facebook.com\/MunicipalidadSanJuanSacatepequez","https:\/\/twitter.com\/SanJuanSacatep1","https:\/\/www.youtube.com\/@municipalidadsanjuansacate2849\/videos","https:\/\/www.tiktok.com\/@munisanjuansac?lang=es","https:\/\/www.tiktok.com\/@jc_pellecer?lang=es"]}]}},"_links":{"self":[{"href":"https:\/\/munisanjuansac.org\/msj\/wp-json\/wp\/v2\/pages\/137","targetHints":{"allow":["GET"]}}],"collection":[{"href":"https:\/\/munisanjuansac.org\/msj\/wp-json\/wp\/v2\/pages"}],"about":[{"href":"https:\/\/munisanjuansac.org\/msj\/wp-json\/wp\/v2\/types\/page"}],"author":[{"embeddable":true,"href":"https:\/\/munisanjuansac.org\/msj\/wp-json\/wp\/v2\/users\/1"}],"replies":[{"embeddable":true,"href":"https:\/\/munisanjuansac.org\/msj\/wp-json\/wp\/v2\/comments?post=137"}],"version-history":[{"count":11,"href":"https:\/\/munisanjuansac.org\/msj\/wp-json\/wp\/v2\/pages\/137\/revisions"}],"predecessor-version":[{"id":6851,"href":"https:\/\/munisanjuansac.org\/msj\/wp-json\/wp\/v2\/pages\/137\/revisions\/6851"}],"wp:attachment":[{"href":"https:\/\/munisanjuansac.org\/msj\/wp-json\/wp\/v2\/media?parent=137"}],"curies":[{"name":"wp","href":"https:\/\/api.w.org\/{rel}","templated":true}]}}